{"id":851,"date":"2024-12-17T18:26:39","date_gmt":"2024-12-17T18:26:39","guid":{"rendered":"https:\/\/wirtschaftsf\u00f6rderung-gifhorn.de\/?page_id=851"},"modified":"2026-04-16T12:29:38","modified_gmt":"2026-04-16T12:29:38","slug":"startseite","status":"publish","type":"page","link":"https:\/\/xn--wirtschaftsfrderung-gifhorn-0yc.de\/en\/","title":{"rendered":"Startseite"},"content":{"rendered":"<p>[et_pb_section fb_built=&#8220;1&#8243; admin_label=&#8220;section&#8220; _builder_version=&#8220;4.27.4&#8243; background_image=&#8220;https:\/\/xn--wirtschaftsfrderung-gifhorn-0yc.de\/wp-content\/uploads\/2024\/12\/Titelbild_IAV_web.jpg&#8220; min_height_tablet=&#8220;&#8220; min_height_phone=&#8220;&#8220; min_height_last_edited=&#8220;on|desktop&#8220; height=&#8220;60vh&#8220; height_tablet=&#8220;40vh&#8220; height_phone=&#8220;25vh&#8220; height_last_edited=&#8220;on|phone&#8220; custom_margin=&#8220;1px|0px|0px|0px|false|false&#8220; custom_padding=&#8220;0px|2%|2%|2%|false|false&#8220; custom_css_main_element=&#8220;display: flex;||flex-direction: column;||justify-content: flex-end;||align-items: flex-start;||flex: 1 0 0;&#8220; border_radii=&#8220;on|12px|12px|12px|12px&#8220; saved_tabs=&#8220;all&#8220; collapsed=&#8220;on&#8220; global_colors_info=&#8220;{}&#8220;][et_pb_row admin_label=&#8220;row&#8220; _builder_version=&#8220;4.27.2&#8243; background_color=&#8220;#ffffff&#8220; background_size=&#8220;initial&#8220; background_position=&#8220;top_left&#8220; background_repeat=&#8220;repeat&#8220; custom_padding=&#8220;16px|16px|16px|16px|false|false&#8220; custom_css_main_element=&#8220;display: flex;||align-items: flex-end;&#8220; border_radii=&#8220;on|10px|10px|10px|10px&#8220; global_colors_info=&#8220;{}&#8220; max_width__hover_enabled=&#8220;on|desktop&#8220; max_width__hover=&#8220;none&#8220;][et_pb_column type=&#8220;4_4&#8243; _builder_version=&#8220;4.16&#8243; custom_padding=&#8220;|||&#8220; global_colors_info=&#8220;{}&#8220; custom_padding__hover=&#8220;|||&#8220;][et_pb_heading title=&#8220;Wirtschaftsstandort Landkreis Gifhorn&#8220; _builder_version=&#8220;4.27.4&#8243; _module_preset=&#8220;default&#8220; custom_margin=&#8220;0px|0px|0px|0px|false|false&#8220; global_colors_info=&#8220;{}&#8220;][\/et_pb_heading][\/et_pb_column][\/et_pb_row][et_pb_row _builder_version=&#8220;4.27.4&#8243; _module_preset=&#8220;default&#8220; module_alignment=&#8220;right&#8220; max_height=&#8220;15px&#8220; global_colors_info=&#8220;{}&#8220;][et_pb_column type=&#8220;4_4&#8243; _builder_version=&#8220;4.27.4&#8243; _module_preset=&#8220;default&#8220; global_colors_info=&#8220;{}&#8220;][et_pb_text _builder_version=&#8220;4.27.4&#8243; _module_preset=&#8220;default&#8220; text_font_size=&#8220;10px&#8220; global_colors_info=&#8220;{}&#8220;]<\/p>\n<p>LK Gifhorn I&amp;S\/ Anja Selzer-Gassmann<\/p>\n<p>[\/et_pb_text][\/et_pb_column][\/et_pb_row][\/et_pb_section][et_pb_section fb_built=&#8220;1&#8243; admin_label=&#8220;Paragraph (Standard)&#8220; _builder_version=&#8220;4.27.3&#8243; _module_preset=&#8220;default&#8220; saved_tabs=&#8220;all&#8220; collapsed=&#8220;off&#8220; global_colors_info=&#8220;{}&#8220;][et_pb_row admin_label=&#8220;Container&#8220; _builder_version=&#8220;4.27.2&#8243; _module_preset=&#8220;default&#8220; global_colors_info=&#8220;{}&#8220;][et_pb_column type=&#8220;4_4&#8243; _builder_version=&#8220;4.27.0&#8243; _module_preset=&#8220;default&#8220; global_colors_info=&#8220;{}&#8220;][et_pb_text _builder_version=&#8220;4.27.3&#8243; _module_preset=&#8220;default&#8220; custom_margin=&#8220;0px|0px|0px|0px|false|false&#8220; global_colors_info=&#8220;{}&#8220;]<span data-metadata=\"&lt;!--(figmeta)eyJmaWxlS2V5IjoidFhRRG9IV0lnOXlMZXlOR1A5WVZYdCIsInBhc3RlSUQiOjE4NTQwNDkyMDcsImRhdGFUeXBlIjoic2NlbmUifQo=(\/figmeta)--&gt;\"><\/span><span>Der Landkreis Gifhorn ist bedeutender Wirtschaftsstandort der Automobilindustrie. Jahrelange Erfahrungen in den Bereichen Fahrzeugentwicklung, Antriebstechnologien, innovativer Engineer- Dienstleistungen, aber auch die Produktion von Soft- und Hardware tragen entscheidend zur technologischen Expertise und Innovationskraft der Region bei. Aber auch diversen weiteren Unternehmen aus Handwerk, Landwirtschaft, Baugewerbe, Gastgewerbe und Handel formen mit ihrem Know &#8211; how und ihrer Weitsicht unseren Wirtschaftsstandort.<\/span>[\/et_pb_text][\/et_pb_column][\/et_pb_row][\/et_pb_section][et_pb_section fb_built=&#8220;1&#8243; admin_label=&#8220;section&#8220; _builder_version=&#8220;4.27.4&#8243; background_enable_image=&#8220;off&#8220; width=&#8220;100%&#8220; custom_margin=&#8220;0px|0px|40px|0px|false|false&#8220; custom_padding=&#8220;0px|0px|0px|0px|false|false&#8220; saved_tabs=&#8220;all&#8220; global_colors_info=&#8220;{}&#8220;][et_pb_row _builder_version=&#8220;4.27.2&#8243; _module_preset=&#8220;default&#8220; width=&#8220;100%&#8220; global_colors_info=&#8220;{}&#8220;][et_pb_column type=&#8220;4_4&#8243; _builder_version=&#8220;4.27.0&#8243; _module_preset=&#8220;default&#8220; global_colors_info=&#8220;{}&#8220;][et_pb_heading title=&#8220;Unsere Fokusthemen&#8220; _builder_version=&#8220;4.27.3&#8243; _module_preset=&#8220;default&#8220; title_level=&#8220;h3&#8243; custom_margin=&#8220;0px|0px|0px|0px|false|false&#8220; global_colors_info=&#8220;{}&#8220;][\/et_pb_heading][\/et_pb_column][\/et_pb_row][et_pb_row _builder_version=&#8220;4.27.2&#8243; _module_preset=&#8220;default&#8220; custom_margin=&#8220;32px|0px|0px|0px|false|false&#8220; global_colors_info=&#8220;{}&#8220;][et_pb_column type=&#8220;4_4&#8243; _builder_version=&#8220;4.27.2&#8243; _module_preset=&#8220;default&#8220; global_colors_info=&#8220;{}&#8220;][wdcl_image_carousel is_autoplay=&#8220;off&#8220; is_variable_width=&#8220;on&#8220; slide_width=&#8220;300px&#8220; slide_spacing=&#8220;8px&#8220; arrow_height=&#8220;50px&#8220; arrow_width=&#8220;50px&#8220; arrow_icon_size=&#8220;40px&#8220; arrow_color=&#8220;#265A84&#8243; arrow_bg=&#8220;#FFFFFF&#8220; arrow_pos_x=&#8220;8px&#8220; arrow_border_width=&#8220;1px&#8220; arrow_border_color=&#8220;#265A84&#8243; icon_left=&#8220;&#x34;||divi||400&#8243; icon_right=&#8220;&#x35;||divi||400&#8243; _builder_version=&#8220;4.27.4&#8243; _module_preset=&#8220;default&#8220; text_orientation=&#8220;left&#8220; width=&#8220;100%&#8220; global_colors_info=&#8220;{}&#8220;][wdcl_image_carousel_child photo=&#8220;https:\/\/xn--wirtschaftsfrderung-gifhorn-0yc.de\/wp-content\/uploads\/2024\/12\/AdobeStock_533508966_web.jpg&#8220; title=&#8220;Wirtschaftsstruktur&#8220; content_type=&#8220;normal&#8220; content_padding=&#8220;0px|0px|0px|0px|false|false&#8220; image_height=&#8220;25vh&#8220; overlay_bg_color=&#8220;RGBA(255,255,255,0)&#8220; _builder_version=&#8220;4.27.4&#8243; _dynamic_attributes=&#8220;link_option_url&#8220; title_level=&#8220;h5&#8243; title_font=&#8220;Mulish Bold||||||||&#8220; text_orientation=&#8220;left&#8220; custom_margin=&#8220;||||false|false&#8220; custom_padding=&#8220;0px|0px|0px|0px|false|false&#8220; link_option_url=&#8220;@ET-DC@eyJkeW5hbWljIjp0cnVlLCJjb250ZW50IjoicG9zdF9saW5rX3VybF9wYWdlIiwic2V0dGluZ3MiOnsicG9zdF9pZCI6IjIwMCIsImVuYWJsZV9odG1sIjoib2ZmIn19@&#8220; border_radii_item=&#8220;on|12px|12px|12px|12px&#8220; border_width_all_item=&#8220;1px&#8220; border_color_all_item=&#8220;#265A84&#8243; global_colors_info=&#8220;{}&#8220;][\/wdcl_image_carousel_child][wdcl_image_carousel_child photo=&#8220;https:\/\/wirtschaftsf\u00f6rderung-gifhorn.de\/wp-content\/uploads\/2024\/10\/Hammersteinpark2_Areal.jpg&#8220; title=&#8220;Gewerbefl\u00e4chen&#8220; content_type=&#8220;normal&#8220; content_padding=&#8220;0px|0px|0px|0px|false|false&#8220; image_height=&#8220;25vh&#8220; overlay_bg_color=&#8220;RGBA(255,255,255,0)&#8220; _builder_version=&#8220;4.27.4&#8243; _dynamic_attributes=&#8220;link_option_url&#8220; title_level=&#8220;h5&#8243; title_font=&#8220;Mulish Bold||||||||&#8220; text_orientation=&#8220;left&#8220; custom_margin=&#8220;||||false|false&#8220; custom_padding=&#8220;0px|0px|0px|0px|false|false&#8220; link_option_url=&#8220;@ET-DC@eyJkeW5hbWljIjp0cnVlLCJjb250ZW50IjoicG9zdF9saW5rX3VybF9wYWdlIiwic2V0dGluZ3MiOnsicG9zdF9pZCI6IjEwMDQiLCJlbmFibGVfaHRtbCI6Im9mZiJ9fQ==@&#8220; border_radii_item=&#8220;on|12px|12px|12px|12px&#8220; border_width_all_item=&#8220;1px&#8220; border_color_all_item=&#8220;#265A84&#8243; global_colors_info=&#8220;{}&#8220;][\/wdcl_image_carousel_child][wdcl_image_carousel_child photo=&#8220;https:\/\/xn--wirtschaftsfrderung-gifhorn-0yc.de\/wp-content\/uploads\/2024\/12\/wohnen-und-leben-im-landkreis-gifhorn.jpg&#8220; title=&#8220;Leben &#038; Wohnen&#8220; content_type=&#8220;normal&#8220; content_padding=&#8220;0px|0px|0px|0px|false|false&#8220; image_height=&#8220;25vh&#8220; overlay_bg_color=&#8220;RGBA(255,255,255,0)&#8220; _builder_version=&#8220;4.27.4&#8243; _dynamic_attributes=&#8220;link_option_url&#8220; title_level=&#8220;h5&#8243; title_font=&#8220;Mulish Bold||||||||&#8220; text_orientation=&#8220;left&#8220; custom_margin=&#8220;||||false|false&#8220; custom_padding=&#8220;0px|0px|0px|0px|false|false&#8220; link_option_url=&#8220;@ET-DC@eyJkeW5hbWljIjp0cnVlLCJjb250ZW50IjoicG9zdF9saW5rX3VybF9wYWdlIiwic2V0dGluZ3MiOnsicG9zdF9pZCI6IjEwMDciLCJlbmFibGVfaHRtbCI6Im9mZiJ9fQ==@&#8220; border_radii_item=&#8220;on|12px|12px|12px|12px&#8220; border_width_all_item=&#8220;1px&#8220; border_color_all_item=&#8220;#265A84&#8243; global_colors_info=&#8220;{}&#8220;][\/wdcl_image_carousel_child][wdcl_image_carousel_child photo=&#8220;https:\/\/xn--wirtschaftsfrderung-gifhorn-0yc.de\/wp-content\/uploads\/2024\/12\/AdobeStock_869587318_web.jpg&#8220; title=&#8220;F\u00f6rderm\u00f6glichkeiten&#8220; content_type=&#8220;normal&#8220; content_padding=&#8220;0px|0px|0px|0px|false|false&#8220; image_height=&#8220;25vh&#8220; overlay_bg_color=&#8220;RGBA(255,255,255,0)&#8220; _builder_version=&#8220;4.27.4&#8243; _dynamic_attributes=&#8220;link_option_url&#8220; title_level=&#8220;h5&#8243; title_font=&#8220;Mulish Bold||||||||&#8220; text_orientation=&#8220;left&#8220; custom_margin=&#8220;||||false|false&#8220; custom_padding=&#8220;0px|0px|0px|0px|false|false&#8220; link_option_url=&#8220;@ET-DC@eyJkeW5hbWljIjp0cnVlLCJjb250ZW50IjoicG9zdF9saW5rX3VybF9wYWdlIiwic2V0dGluZ3MiOnsicG9zdF9pZCI6IjE4MyIsImVuYWJsZV9odG1sIjoib2ZmIn19@&#8220; border_radii_item=&#8220;on|12px|12px|12px|12px&#8220; border_width_all_item=&#8220;1px&#8220; border_color_all_item=&#8220;#265A84&#8243; global_colors_info=&#8220;{}&#8220;][\/wdcl_image_carousel_child][wdcl_image_carousel_child photo=&#8220;https:\/\/xn--wirtschaftsfrderung-gifhorn-0yc.de\/wp-content\/uploads\/2024\/12\/AdobeStock_998976188_web.jpg&#8220; title=&#8220;Innovation&#8220; content_type=&#8220;normal&#8220; content_padding=&#8220;0px|0px|0px|0px|false|false&#8220; image_height=&#8220;25vh&#8220; overlay_bg_color=&#8220;RGBA(255,255,255,0)&#8220; _builder_version=&#8220;4.27.4&#8243; _dynamic_attributes=&#8220;link_option_url&#8220; title_level=&#8220;h5&#8243; title_font=&#8220;Mulish Bold||||||||&#8220; text_orientation=&#8220;left&#8220; custom_margin=&#8220;||||false|false&#8220; custom_padding=&#8220;0px|0px|0px|0px|false|false&#8220; link_option_url=&#8220;@ET-DC@eyJkeW5hbWljIjp0cnVlLCJjb250ZW50IjoicG9zdF9saW5rX3VybF9wYWdlIiwic2V0dGluZ3MiOnsicG9zdF9pZCI6Ijk5MyIsImVuYWJsZV9odG1sIjoib2ZmIn19@&#8220; border_radii_item=&#8220;on|12px|12px|12px|12px&#8220; border_width_all_item=&#8220;1px&#8220; border_color_all_item=&#8220;#265A84&#8243; global_colors_info=&#8220;{}&#8220;][\/wdcl_image_carousel_child][wdcl_image_carousel_child photo=&#8220;https:\/\/xn--wirtschaftsfrderung-gifhorn-0yc.de\/wp-content\/uploads\/2024\/12\/AdobeStock_553486525_web.jpg&#8220; title=&#8220;Gr\u00fcndung&#8220; content_type=&#8220;normal&#8220; content_padding=&#8220;0px|0px|0px|0px|false|false&#8220; image_height=&#8220;25vh&#8220; overlay_bg_color=&#8220;RGBA(255,255,255,0)&#8220; _builder_version=&#8220;4.27.4&#8243; _dynamic_attributes=&#8220;link_option_url&#8220; title_level=&#8220;h5&#8243; title_font=&#8220;Mulish Bold||||||||&#8220; text_orientation=&#8220;left&#8220; custom_margin=&#8220;||||false|false&#8220; custom_padding=&#8220;0px|0px|0px|0px|false|false&#8220; link_option_url=&#8220;@ET-DC@eyJkeW5hbWljIjp0cnVlLCJjb250ZW50IjoicG9zdF9saW5rX3VybF9wYWdlIiwic2V0dGluZ3MiOnsicG9zdF9pZCI6Ijk5NiIsImVuYWJsZV9odG1sIjoib2ZmIn19@&#8220; border_radii_item=&#8220;on|12px|12px|12px|12px&#8220; border_width_all_item=&#8220;1px&#8220; border_color_all_item=&#8220;#265A84&#8243; global_colors_info=&#8220;{}&#8220;][\/wdcl_image_carousel_child][wdcl_image_carousel_child photo=&#8220;https:\/\/xn--wirtschaftsfrderung-gifhorn-0yc.de\/wp-content\/uploads\/2025\/03\/AdobeStock_301204467-scaled-e1743073354363.jpeg&#8220; title=&#8220;Fachkraftgewinnung&#8220; content_type=&#8220;normal&#8220; content_padding=&#8220;0px|0px|0px|0px|false|false&#8220; image_height=&#8220;25vh&#8220; overlay_bg_color=&#8220;RGBA(255,255,255,0)&#8220; _builder_version=&#8220;4.27.4&#8243; _dynamic_attributes=&#8220;link_option_url&#8220; title_level=&#8220;h5&#8243; title_font=&#8220;Mulish Bold||||||||&#8220; text_orientation=&#8220;left&#8220; custom_margin=&#8220;||||false|false&#8220; custom_padding=&#8220;0px|0px|0px|0px|false|false&#8220; link_option_url=&#8220;@ET-DC@eyJkeW5hbWljIjp0cnVlLCJjb250ZW50IjoicG9zdF9saW5rX3VybF9wYWdlIiwic2V0dGluZ3MiOnsicG9zdF9pZCI6IjUzMDIiLCJlbmFibGVfaHRtbCI6Im9mZiJ9fQ==@&#8220; border_radii_item=&#8220;on|12px|12px|12px|12px&#8220; border_width_all_item=&#8220;1px&#8220; border_color_all_item=&#8220;#265A84&#8243; global_colors_info=&#8220;{}&#8220;][\/wdcl_image_carousel_child][\/wdcl_image_carousel][et_pb_text _builder_version=&#8220;4.27.4&#8243; _module_preset=&#8220;default&#8220; text_font_size=&#8220;8px&#8220; global_colors_info=&#8220;{}&#8220;]<\/p>\n<p>*Bildnachweise siehe unten.<\/p>\n<p>[\/et_pb_text][et_pb_heading title=&#8220;Wirtschaftsservice&#8220; _builder_version=&#8220;4.27.4&#8243; _module_preset=&#8220;default&#8220; title_level=&#8220;h3&#8243; custom_margin=&#8220;0px|0px|0px|0px|false|false&#8220; global_colors_info=&#8220;{}&#8220;][\/et_pb_heading][et_pb_text _builder_version=&#8220;4.27.4&#8243; _module_preset=&#8220;default&#8220; min_height=&#8220;61.5px&#8220; custom_margin=&#8220;40px|0px|0px|0px|false|false&#8220; global_colors_info=&#8220;{}&#8220;]<\/p>\n<p>Die Landkreis Gifhorn Innovation &amp; Service GmbH steht Ihnen als verl\u00e4sslicher Partner zur Seite. Unser Serviceangebot richtet sich an Unternehmen jeder Gr\u00f6\u00dfe und Branche. Wir beraten Sie gerne bei Fragen zu F\u00f6rdermitteln, Gewerbefl\u00e4chen oder bei der Suche nach Kooperationspartnern.<\/p>\n<p>[\/et_pb_text][\/et_pb_column][\/et_pb_row][\/et_pb_section][et_pb_section fb_built=&#8220;1&#8243; disabled_on=&#8220;off|off|off&#8220; _builder_version=&#8220;4.27.4&#8243; _module_preset=&#8220;default&#8220; min_height=&#8220;178.3px&#8220; custom_padding=&#8220;0px|0px|0px|0px|false|false&#8220; border_color_bottom=&#8220;#D6D6D6&#8243; global_colors_info=&#8220;{}&#8220;][et_pb_row column_structure=&#8220;1_2,1_2&#8243; make_equal=&#8220;on&#8220; disabled_on=&#8220;on|on|on&#8220; _builder_version=&#8220;4.27.4&#8243; _module_preset=&#8220;default&#8220; min_height=&#8220;503px&#8220; max_height=&#8220;400px&#8220; custom_margin=&#8220;0px|0px||0px|false|false&#8220; custom_padding=&#8220;|0px|20px|0px|false|false&#8220; border_color_all=&#8220;RGBA(255,255,255,0)&#8220; border_width_bottom=&#8220;1px&#8220; disabled=&#8220;on&#8220; global_colors_info=&#8220;{}&#8220;][et_pb_column type=&#8220;1_2&#8243; _builder_version=&#8220;4.27.4&#8243; _module_preset=&#8220;default&#8220; custom_css_main_element=&#8220;display: flex;||align-items: flex-start;||align-content: center;||flex: 1 0 0;||flex-wrap: wrap;&#8220; global_colors_info=&#8220;{}&#8220;][et_pb_heading title=&#8220;Heute bewerben. Morgen gestalten.&#8220; _builder_version=&#8220;4.27.4&#8243; _module_preset=&#8220;default&#8220; title_level=&#8220;h2&#8243; global_colors_info=&#8220;{}&#8220;][\/et_pb_heading][et_pb_text _builder_version=&#8220;4.27.4&#8243; _module_preset=&#8220;default&#8220; global_colors_info=&#8220;{}&#8220;]<\/p>\n<p data-start=\"49\" data-end=\"208\">Die Landkreis Gifhorn Innovation &amp; Service GmbH sucht engagierte Fachreferen(m\/w\/d) f\u00fcr Wirtschaftsf\u00f6rderung und Standortmarketing.<br \/>Gestalten Sie mit uns aktiv den Wirtschaftsstandort Landkreis Gifhorn: mit frischen Ideen, strategischem Denken und sichtbaren Impulsen f\u00fcr Wachstum und Innovation. Bewerben Sie sich <strong>bis zum 17. August 2025<\/strong>. Schicken Sie Ihre Bewerbung an: <a href=\"mailto:katharina.hoffmann@gifhorn.de\">katharina.hoffmann@gifhorn.de<\/a><\/p>\n<p>[\/et_pb_text][et_pb_button button_url=&#8220;https:\/\/www.arbeitsagentur.de\/jobsuche\/suche?angebotsart=1&#038;was=wirtschaftsf%C3%B6rderung&#038;wo=38518&#038;umkreis=25&#038;id=10001-1001562490-S&#8220; url_new_window=&#8220;on&#8220; button_text=&#8220;Fachreferent Wirtschaftsf\u00f6rderung (m\/w\/d)&#8220; _builder_version=&#8220;4.27.4&#8243; _module_preset=&#8220;default&#8220; button_text_color=&#8220;#265A84&#8243; button_bg_color=&#8220;#FFFFFF&#8220; button_letter_spacing=&#8220;0px&#8220; button_use_icon=&#8220;on&#8220; button_icon=&#8220;&#x26;||divi||400&#8243; custom_margin=&#8220;|0px|10px|0px|false|false&#8220; custom_padding=&#8220;4px|40px|4px|12px|false|false&#8220; custom_css_main_element=&#8220;display:inline-flex;&#8220; locked=&#8220;off&#8220; global_colors_info=&#8220;{}&#8220; custom_padding__hover_enabled=&#8220;on|desktop&#8220; custom_padding__hover=&#8220;||||false|false&#8220;][\/et_pb_button][et_pb_button button_url=&#8220;https:\/\/www.arbeitsagentur.de\/jobsuche\/suche?angebotsart=1&#038;was=wirtschaftsf%C3%B6rderung&#038;wo=38518&#038;umkreis=25&#038;id=10001-1001562536-S&#8220; url_new_window=&#8220;on&#8220; button_text=&#8220;Fachreferent Standortmarketing (m\/w\/d)&#8220; _builder_version=&#8220;4.27.4&#8243; _module_preset=&#8220;default&#8220; button_text_color=&#8220;#265A84&#8243; button_bg_color=&#8220;#FFFFFF&#8220; button_letter_spacing=&#8220;0px&#8220; button_use_icon=&#8220;on&#8220; button_icon=&#8220;&#x26;||divi||400&#8243; custom_margin=&#8220;|0px|40px|0px|false|false&#8220; custom_padding=&#8220;4px|40px|4px|12px|false|false&#8220; custom_css_main_element=&#8220;display:inline-flex;&#8220; locked=&#8220;off&#8220; global_colors_info=&#8220;{}&#8220; custom_padding__hover_enabled=&#8220;on|desktop&#8220; custom_padding__hover=&#8220;||||false|false&#8220;][\/et_pb_button][\/et_pb_column][et_pb_column type=&#8220;1_2&#8243; module_class=&#8220;spalte_1&#8243; _builder_version=&#8220;4.27.4&#8243; _module_preset=&#8220;default&#8220; background_enable_image=&#8220;off&#8220; background_size=&#8220;contain&#8220; custom_css_main_element=&#8220;display: flex;||align-items: flex-start;||align-content: center;||flex: 1 0 0;||flex-wrap: wrap;&#8220; border_radii=&#8220;on|12px|12px|12px|12px&#8220; global_colors_info=&#8220;{}&#8220;][et_pb_image src=&#8220;https:\/\/xn--wirtschaftsfrderung-gifhorn-0yc.de\/wp-content\/uploads\/2025\/07\/AdobeStock_22502343-1-scaled.jpeg&#8220; alt=&#8220;Bild: Adobe&#8220; title_text=&#8220;Bild: Adobe&#8220; _builder_version=&#8220;4.27.4&#8243; _module_preset=&#8220;default&#8220; custom_margin=&#8220;0px|0px|20px|0px|false|false&#8220; global_colors_info=&#8220;{}&#8220;][\/et_pb_image][\/et_pb_column][\/et_pb_row][et_pb_row column_structure=&#8220;1_2,1_2&#8243; make_equal=&#8220;on&#8220; disabled_on=&#8220;on|on|on&#8220; _builder_version=&#8220;4.27.4&#8243; _module_preset=&#8220;default&#8220; min_height=&#8220;503px&#8220; max_height=&#8220;400px&#8220; custom_margin=&#8220;0px|0px||0px|false|false&#8220; custom_padding=&#8220;|0px|0px|0px|false|false&#8220; border_color_all=&#8220;RGBA(255,255,255,0)&#8220; disabled=&#8220;on&#8220; global_colors_info=&#8220;{}&#8220;][et_pb_column type=&#8220;1_2&#8243; module_class=&#8220;spalte_1&#8243; _builder_version=&#8220;4.27.4&#8243; _module_preset=&#8220;default&#8220; background_enable_image=&#8220;off&#8220; background_size=&#8220;contain&#8220; custom_css_main_element=&#8220;display: flex;||align-items: flex-start;||align-content: center;||flex: 1 0 0;||flex-wrap: wrap;&#8220; border_radii=&#8220;on|12px|12px|12px|12px&#8220; global_colors_info=&#8220;{}&#8220;][et_pb_image src=&#8220;https:\/\/xn--wirtschaftsfrderung-gifhorn-0yc.de\/wp-content\/uploads\/2025\/08\/AdobeStock_1018988319.jpeg&#8220; alt=&#8220;Bild: Adobe&#8220; title_text=&#8220;Warehouse workers shaking hands after a successful deal&#8220; _builder_version=&#8220;4.27.4&#8243; _module_preset=&#8220;default&#8220; global_colors_info=&#8220;{}&#8220;][\/et_pb_image][\/et_pb_column][et_pb_column type=&#8220;1_2&#8243; _builder_version=&#8220;4.27.4&#8243; _module_preset=&#8220;default&#8220; custom_css_main_element=&#8220;display: flex;||align-items: flex-start;||align-content: center;||flex: 1 0 0;||flex-wrap: wrap;&#8220; global_colors_info=&#8220;{}&#8220;][et_pb_heading title=&#8220;Erfahrungsaustausch Welcome@work&#8220; _builder_version=&#8220;4.27.4&#8243; _module_preset=&#8220;default&#8220; title_level=&#8220;h2&#8243; global_colors_info=&#8220;{}&#8220;][\/et_pb_heading][et_pb_text _builder_version=&#8220;4.27.4&#8243; _module_preset=&#8220;default&#8220; global_colors_info=&#8220;{}&#8220;]<\/p>\n<p>Gemeinsam mit dem Welcome Center der Region Braunschweig Wolfsburg schaffen wir am <strong>11.9<\/strong> Raum f\u00fcr Erfahrungsaustausch. Hier k\u00f6nnen Unternehmen voneinander lernen und von den Erfahrungen des anderen profitieren.<\/p>\n<p>F\u00fcr Fragen rund um Besch\u00e4ftigung und Integration ausl\u00e4ndischer Fachkr\u00e4fte stehen die Experten zu Verf\u00fcgung.<\/p>\n<p>[\/et_pb_text][et_pb_button button_url=&#8220;https:\/\/eveeno.com\/113683433&#8243; url_new_window=&#8220;on&#8220; button_text=&#8220;zur Anmeldung&#8220; _builder_version=&#8220;4.27.4&#8243; _module_preset=&#8220;default&#8220; button_text_color=&#8220;#265A84&#8243; button_bg_color=&#8220;#FFFFFF&#8220; button_letter_spacing=&#8220;0px&#8220; button_use_icon=&#8220;on&#8220; button_icon=&#8220;&#x26;||divi||400&#8243; custom_margin=&#8220;|0px|40px|0px|false|false&#8220; custom_padding=&#8220;4px|40px|4px|12px|false|false&#8220; custom_css_main_element=&#8220;display:inline-flex;&#8220; locked=&#8220;off&#8220; global_colors_info=&#8220;{}&#8220; custom_padding__hover_enabled=&#8220;on|desktop&#8220; custom_padding__hover=&#8220;||||false|false&#8220;][\/et_pb_button][\/et_pb_column][\/et_pb_row][\/et_pb_section][et_pb_section fb_built=&#8220;1&#8243; disabled_on=&#8220;off|off|off&#8220; _builder_version=&#8220;4.27.4&#8243; _module_preset=&#8220;default&#8220; custom_margin=&#8220;|0px|40px|0px|false|false&#8220; custom_padding=&#8220;0px|0px|0px|0px|false|false&#8220; global_colors_info=&#8220;{}&#8220;][et_pb_row _builder_version=&#8220;4.27.4&#8243; _module_preset=&#8220;default&#8220; display_conditions=&#8220;W3siaWQiOiI2NTFjNzZiYy0zZDUzLTQxZTQtYTIwZC0yY2Q2NjJhODE4YzciLCJjb25kaXRpb24iOiJkYXRlVGltZSIsImNvbmRpdGlvblNldHRpbmdzIjp7ImRpc3BsYXlSdWxlIjoiaXNBZnRlciIsImRhdGUiOiIyMDI1LTExLTE5IiwidGltZSI6IjAwOjAwIiwid2Vla2RheXMiOiJ8IiwiYWxsRGF5Ijoib24iLCJmcm9tVGltZSI6IjAwOjAwIiwidW50aWxUaW1lIjoiMDA6MDAiLCJyZXBlYXQiOiJvZmYiLCJyZXBlYXRGcmVxdWVuY3kiOiJtb250aGx5IiwicmVwZWF0RnJlcXVlbmN5U3BlY2lmaWNEYXlzIjoid2Vla2x5IiwicmVwZWF0RW5kIjoibmV2ZXIiLCJyZXBlYXRVbnRpbERhdGUiOiIyMDI1LTExLTE5IiwicmVwZWF0VGltZXMiOiIzIiwiYWRtaW5MYWJlbCI6IlRlcm1pbnplaXQiLCJlbmFibGVDb25kaXRpb24iOiJvbiJ9LCJvcGVyYXRvciI6Ik9SIn1d&#8220; custom_margin=&#8220;40px|0px|0px|0px|false|false&#8220; global_colors_info=&#8220;{}&#8220;][et_pb_column type=&#8220;4_4&#8243; _builder_version=&#8220;4.27.2&#8243; _module_preset=&#8220;default&#8220; global_colors_info=&#8220;{}&#8220;][et_pb_heading title=&#8220;Veranstaltungen&#8220; disabled_on=&#8220;off|off|off&#8220; _builder_version=&#8220;4.27.4&#8243; _module_preset=&#8220;default&#8220; title_level=&#8220;h3&#8243; display_conditions=&#8220;W3siaWQiOiJmNzkzNmE4OS0yZGZjLTRkY2MtYTAwNy04NThiY2U1Zjk5MmQiLCJjb25kaXRpb24iOiJkYXRlVGltZSIsImNvbmRpdGlvblNldHRpbmdzIjp7ImRpc3BsYXlSdWxlIjoiaXNCZWZvcmUiLCJkYXRlIjoiMjAyNS0xMS0xOSIsInRpbWUiOiIwMDowMCIsIndlZWtkYXlzIjoifCIsImFsbERheSI6Im9uIiwiZnJvbVRpbWUiOiIwMDowMCIsInVudGlsVGltZSI6IjAwOjAwIiwicmVwZWF0Ijoib2ZmIiwicmVwZWF0RnJlcXVlbmN5IjoibW9udGhseSIsInJlcGVhdEZyZXF1ZW5jeVNwZWNpZmljRGF5cyI6IndlZWtseSIsInJlcGVhdEVuZCI6Im5ldmVyIiwicmVwZWF0VW50aWxEYXRlIjoiMjAyNS0xMS0xOSIsInJlcGVhdFRpbWVzIjoiMyIsImFkbWluTGFiZWwiOiJUZXJtaW56ZWl0IiwiZW5hYmxlQ29uZGl0aW9uIjoib24ifSwib3BlcmF0b3IiOiJPUiJ9XQ==&#8220; custom_margin=&#8220;|0px|20px|0px|false|false&#8220; global_colors_info=&#8220;{}&#8220;][\/et_pb_heading][et_pb_accordion icon_color=&#8220;#FFFFFF&#8220; use_icon_font_size=&#8220;on&#8220; icon_font_size=&#8220;20px&#8220; disabled_on=&#8220;off|off|off&#8220; admin_label=&#8220;Akkordeon&#8220; _builder_version=&#8220;4.27.4&#8243; _module_preset=&#8220;default&#8220; display_conditions=&#8220;W3siaWQiOiJiOTc1OWQwZi1jZWFkLTRlNGQtOWNiMS1hYjUzY2RkMDA4YWYiLCJjb25kaXRpb24iOiJkYXRlVGltZSIsImNvbmRpdGlvblNldHRpbmdzIjp7ImRpc3BsYXlSdWxlIjoiaXNCZWZvcmUiLCJkYXRlIjoiMjAyNS0xMS0xOSIsInRpbWUiOiIwMDowMCIsIndlZWtkYXlzIjoifCIsImFsbERheSI6Im9uIiwiZnJvbVRpbWUiOiIwMDowMCIsInVudGlsVGltZSI6IjAwOjAwIiwicmVwZWF0Ijoib2ZmIiwicmVwZWF0RnJlcXVlbmN5IjoibW9udGhseSIsInJlcGVhdEZyZXF1ZW5jeVNwZWNpZmljRGF5cyI6IndlZWtseSIsInJlcGVhdEVuZCI6Im5ldmVyIiwicmVwZWF0VW50aWxEYXRlIjoiMjAyNS0xMS0xOCIsInJlcGVhdFRpbWVzIjoiMyIsImFkbWluTGFiZWwiOiJUZXJtaW56ZWl0IiwiZW5hYmxlQ29uZGl0aW9uIjoib24ifSwib3BlcmF0b3IiOiJPUiJ9XQ==&#8220; custom_margin=&#8220;||||false|false&#8220; custom_css_free_form=&#8220;.et_pb_accordion_item a{||  background-color: #265a84;||  color: white;||  border-color: white;||}||||.et_pb_accordion_item a::after{||  display: none;||}||||.et_pb_toggle_title:before{||  display: none;||}&#8220; global_colors_info=&#8220;{}&#8220;][et_pb_accordion_item title=&#8220;17.09.25 ab 10:00 Hannover&#8220; open=&#8220;on&#8220; open_toggle_text_color=&#8220;#FFFFFF&#8220; _builder_version=&#8220;4.27.4&#8243; _module_preset=&#8220;default&#8220; body_text_color=&#8220;#FFFFFF&#8220; background_color=&#8220;#265A84&#8243; background_enable_color=&#8220;on&#8220; display_conditions=&#8220;W3siaWQiOiJhODgzMTI2Yi0zYjYzLTRkOGMtYjE3Mi1hYTIzNmZkYTZmNjEiLCJjb25kaXRpb24iOiJkYXRlVGltZSIsImNvbmRpdGlvblNldHRpbmdzIjp7ImRpc3BsYXlSdWxlIjoiaXNCZWZvcmUiLCJkYXRlIjoiMjAyNS0xMS0xOSIsInRpbWUiOiIwMDowMCIsIndlZWtkYXlzIjoifCIsImFsbERheSI6Im9uIiwiZnJvbVRpbWUiOiIwMDowMCIsInVudGlsVGltZSI6IjAwOjAwIiwicmVwZWF0Ijoib2ZmIiwicmVwZWF0RnJlcXVlbmN5IjoibW9udGhseSIsInJlcGVhdEZyZXF1ZW5jeVNwZWNpZmljRGF5cyI6IndlZWtseSIsInJlcGVhdEVuZCI6Im5ldmVyIiwicmVwZWF0VW50aWxEYXRlIjoiMjAyNS0xMS0xOCIsInJlcGVhdFRpbWVzIjoiMyIsImFkbWluTGFiZWwiOiJUZXJtaW56ZWl0IiwiZW5hYmxlQ29uZGl0aW9uIjoib24ifSwib3BlcmF0b3IiOiJPUiJ9XQ==&#8220; link_option_url_new_window=&#8220;on&#8220; custom_css_free_form=&#8220;.selector .et_pb_toggle_content {||    display: block;||}||||.selector .et_pb_toggle_title {||    pointer-events: none;||}&#8220; border_radii=&#8220;on|12px|12px|12px|12px&#8220; global_colors_info=&#8220;{}&#8220; toggle_text_color=&#8220;#FFFFFF&#8220;]<\/p>\n<p data-start=\"44\" data-end=\"96\" class=\"\">Startup Day<\/p>\n<p data-start=\"44\" data-end=\"96\" class=\"\">Der next Startup Day in Hannover vereint das nieders\u00e4chsische Startup-\u00d6kosystem erstmals in einem gro\u00dfen, inspirierenden Event mit vielf\u00e4ltigen Vernetzungsm\u00f6glichkeiten. Unter dem Motto \u201eInnovation trifft Inspiration\u201c bietet das Programm spannende Keynotes, Panels und Workshops zu Themen wie Life Sciences, AgriFood, Mobilit\u00e4t, Energie sowie Social Entrepreneurship, EdTech und AI\/Tech.<\/p>\n<p data-start=\"98\" data-end=\"246\" class=\"\"><a href=\"https:\/\/startup.nds.de\/save-the-date-next-startup-day\/#:~:text=By%20Paul%20Kurze-,Am%2017.,noch%20mehr%20M%C3%B6glichkeiten%20zur%20Vernetzung.\" target=\"_blank\" rel=\"noopener\">mehr Informationen<\/a><\/p>\n<p>[\/et_pb_accordion_item][et_pb_accordion_item title=&#8220;06.11.25 10:00 &#8211; 18:00 Schillerplatz 11, Gifhorn&#8220; open_toggle_text_color=&#8220;#FFFFFF&#8220; _builder_version=&#8220;4.27.4&#8243; _module_preset=&#8220;default&#8220; body_text_color=&#8220;#FFFFFF&#8220; background_color=&#8220;#265A84&#8243; background_enable_color=&#8220;on&#8220; display_conditions=&#8220;W3siaWQiOiIyMTY3ZWNhMC03NjhhLTQ5MmMtYmRjMy00MGY3ZjE1ODZmNjMiLCJjb25kaXRpb24iOiJkYXRlVGltZSIsImNvbmRpdGlvblNldHRpbmdzIjp7ImRpc3BsYXlSdWxlIjoiaXNCZWZvcmUiLCJkYXRlIjoiMjAyNS0xMS0xOSIsInRpbWUiOiIwMDowMCIsIndlZWtkYXlzIjoifCIsImFsbERheSI6Im9uIiwiZnJvbVRpbWUiOiIwMDowMCIsInVudGlsVGltZSI6IjAwOjAwIiwicmVwZWF0Ijoib2ZmIiwicmVwZWF0RnJlcXVlbmN5IjoibW9udGhseSIsInJlcGVhdEZyZXF1ZW5jeVNwZWNpZmljRGF5cyI6IndlZWtseSIsInJlcGVhdEVuZCI6Im5ldmVyIiwicmVwZWF0VW50aWxEYXRlIjoiMjAyNS0xMS0xOCIsInJlcGVhdFRpbWVzIjoiMyIsImFkbWluTGFiZWwiOiJUZXJtaW56ZWl0IiwiZW5hYmxlQ29uZGl0aW9uIjoib24ifSwib3BlcmF0b3IiOiJPUiJ9XQ==&#8220; link_option_url_new_window=&#8220;on&#8220; custom_css_free_form=&#8220;.selector .et_pb_toggle_content {||    display: block;||}||||.selector .et_pb_toggle_title {||    pointer-events: none;||}&#8220; border_radii=&#8220;on|12px|12px|12px|12px&#8220; global_colors_info=&#8220;{}&#8220; toggle_text_color=&#8220;#FFFFFF&#8220; open=&#8220;off&#8220;]<\/p>\n<p>NBank F\u00f6rdermittel- Beratungsexperten vor Ort<\/p>\n<p><span>An diesem Unternehmenssprechtag stehen Ihnen zus\u00e4tzlich Expertinnen und Experten der NBank f\u00fcr individuelle F\u00f6rderberatungen vor Ort zur Verf\u00fcgung. Informieren Sie sich \u00fcber passende F\u00f6rderprogramme und wie Sie diese gezielt f\u00fcr Ihr Unternehmen nutzen k\u00f6nnen.<\/span><\/p>\n<p data-start=\"98\" data-end=\"246\" class=\"\"><a href=\"https:\/\/eveeno.com\/871281936\" target=\"_blank\" rel=\"noopener\">Jetzt anmelden<\/a><\/p>\n<p>[\/et_pb_accordion_item][\/et_pb_accordion][\/et_pb_column][\/et_pb_row][\/et_pb_section][et_pb_section fb_built=&#8220;1&#8243; _builder_version=&#8220;4.27.3&#8243; _module_preset=&#8220;default&#8220; custom_margin=&#8220;0px|0px|40px|0px|false|false&#8220; custom_padding=&#8220;0px|0px|0px|0px|false|false&#8220; global_colors_info=&#8220;{}&#8220;][et_pb_row _builder_version=&#8220;4.27.2&#8243; _module_preset=&#8220;default&#8220; global_colors_info=&#8220;{}&#8220;][et_pb_column type=&#8220;4_4&#8243; _builder_version=&#8220;4.27.2&#8243; _module_preset=&#8220;default&#8220; global_colors_info=&#8220;{}&#8220;][et_pb_heading title=&#8220;Top News&#8220; _builder_version=&#8220;4.27.2&#8243; _module_preset=&#8220;default&#8220; title_level=&#8220;h3&#8243; global_colors_info=&#8220;{}&#8220;][\/et_pb_heading][lwp_post_carousel featured_image_size=&#8220;large&#8220; post_categories=&#8220;4&#8243; arrow_color=&#8220;#265A84&#8243; arrow_bg=&#8220;#FFFFFF&#8220; post_background=&#8220;#265A84&#8243; slides_show_tablet=&#8220;2&#8243; slides_show_phone=&#8220;1&#8243; slides_show_last_edited=&#8220;on|phone&#8220; _builder_version=&#8220;4.27.5&#8243; _module_preset=&#8220;default&#8220; post_title_text_color=&#8220;#FFFFFF&#8220; post_title_font_size=&#8220;16px&#8220; post_title_line_height=&#8220;1.3em&#8220; post_excerpt_text_color=&#8220;#FFFFFF&#8220; post_excerpt_font_size=&#8220;16px&#8220; post_excerpt_line_height=&#8220;1.3em&#8220; custom_button=&#8220;on&#8220; button_text_color=&#8220;#FFFFFF&#8220; button_bg_color=&#8220;#265A84&#8243; button_border_width=&#8220;1px&#8220; button_border_radius=&#8220;4px&#8220; button_icon=&#8220;&#x24;||divi||400&#8243; button_icon_color=&#8220;#FFFFFF&#8220; button_on_hover=&#8220;off&#8220; max_height=&#8220;1000px&#8220; custom_margin=&#8220;0px|0px|0px|0px|false|false&#8220; custom_padding=&#8220;0px|0px|0px|0px|false|false&#8220; custom_css_free_form=&#8220;.lwp_post_carousel_meta{||  display:none;||}&#8220; border_radii_image=&#8220;on|9px|9px|9px|9px&#8220; border_radii_arrow_border=&#8220;on|4px|4px|4px|4px&#8220; border_width_all_arrow_border=&#8220;1px&#8220; border_color_all_arrow_border=&#8220;#265A84&#8243; border_radii_post=&#8220;on|12px|12px|12px|12px&#8220; global_colors_info=&#8220;{}&#8220; max_height__hover_enabled=&#8220;on|desktop&#8220; button_text_color__hover_enabled=&#8220;on|hover&#8220; button_text_color__hover=&#8220;#265A84&#8243; button_bg_color__hover_enabled=&#8220;on|hover&#8220; button_bg_color__hover=&#8220;#FFFFFF&#8220; button_bg_enable_color__hover=&#8220;on&#8220; button_border_radius__hover_enabled=&#8220;off|desktop&#8220; max_height__hover=&#8220;1000px&#8220;][\/lwp_post_carousel][\/et_pb_column][\/et_pb_row][et_pb_row _builder_version=&#8220;4.27.2&#8243; _module_preset=&#8220;default&#8220; locked=&#8220;off&#8220; global_colors_info=&#8220;{}&#8220;][et_pb_column type=&#8220;4_4&#8243; _builder_version=&#8220;4.27.2&#8243; _module_preset=&#8220;default&#8220; global_colors_info=&#8220;{}&#8220;][et_pb_heading title=&#8220;H\u00e4ufig gestellte Fragen&#8220; _builder_version=&#8220;4.27.4&#8243; _module_preset=&#8220;default&#8220; title_level=&#8220;h3&#8243; global_colors_info=&#8220;{}&#8220;][\/et_pb_heading][et_pb_accordion open_toggle_text_color=&#8220;#265A84&#8243; open_toggle_background_color=&#8220;#FFFFFF&#8220; closed_toggle_background_color=&#8220;#FFFFFF&#8220; toggle_icon=&#8220;&#x33;||divi||400&#8243; icon_color=&#8220;#265A84&#8243; use_icon_font_size=&#8220;on&#8220; icon_font_size=&#8220;36px&#8220; _builder_version=&#8220;4.27.4&#8243; _module_preset=&#8220;default&#8220; toggle_text_color=&#8220;#265A84&#8243; toggle_level=&#8220;h6&#8243; toggle_font=&#8220;Mulish Regular||||||||&#8220; toggle_font_size=&#8220;16px&#8220; custom_margin=&#8220;0px|0px|40px|0px|false|false&#8220; custom_padding=&#8220;0px|0px|0px|0px|false|false&#8220; custom_css_main_element=&#8220;h6{||  display: block;||}&#8220; border_radii=&#8220;on|8px|8px|8px|8px&#8220; border_width_all=&#8220;0px&#8220; box_shadow_style=&#8220;preset1&#8243; box_shadow_vertical=&#8220;4px&#8220; box_shadow_blur=&#8220;20px&#8220; box_shadow_color=&#8220;rgba(0,0,0,0.1)&#8220; global_colors_info=&#8220;{}&#8220;][et_pb_accordion_item title=&#8220;Welche Dienstleistungen bietet die Landkreis Gifhorn Innovation &#038; Service GmbH?&#8220; open=&#8220;on&#8220; open_toggle_background_color=&#8220;#FFFFFF&#8220; closed_toggle_background_color=&#8220;#FFFFFF&#8220; icon_color=&#8220;#265A84&#8243; toggle_icon=&#8220;&#x33;||divi||400&#8243; _builder_version=&#8220;4.27.4&#8243; _module_preset=&#8220;default&#8220; link_option_url_new_window=&#8220;on&#8220; global_colors_info=&#8220;{}&#8220; toggle_letter_spacing=&#8220;0px&#8220; toggle_line_height=&#8220;1em&#8220;]<\/p>\n<p><span data-metadata=\"&lt;!--(figmeta)eyJmaWxlS2V5IjoidFhRRG9IV0lnOXlMZXlOR1A5WVZYdCIsInBhc3RlSUQiOjE0ODQ5OTAzNDEsImRhdGFUeXBlIjoic2NlbmUifQo=(\/figmeta)--&gt;\"><\/span><\/p>\n<p><span data-metadata=\"&lt;!--(figmeta)eyJmaWxlS2V5IjoidFhRRG9IV0lnOXlMZXlOR1A5WVZYdCIsInBhc3RlSUQiOjE0ODQ5OTAzNDEsImRhdGFUeXBlIjoic2NlbmUifQo=(\/figmeta)--&gt;\"><\/span><span>Die Wirtschaftsf\u00f6rderungsgesellschaft Landkreis Gifhorn Innovation &amp; Service GmbH ist zentrale Anlaufstelle f\u00fcr Unternehmensansiedelungen, unterst\u00fctzt bei der F\u00f6rdermittelsuche, vernetzt Akteure und begleitet Innovationsprozesse.<\/span><\/p>\n<p>&nbsp;<\/p>\n<p>[\/et_pb_accordion_item][et_pb_accordion_item title=&#8220;Wo kann ich im Landkreis Gifhorn ein Gewerbe anmelden?&#8220; open_toggle_background_color=&#8220;#FFFFFF&#8220; closed_toggle_background_color=&#8220;#FFFFFF&#8220; icon_color=&#8220;#265A84&#8243; toggle_icon=&#8220;&#x33;||divi||400&#8243; _builder_version=&#8220;4.27.4&#8243; _module_preset=&#8220;default&#8220; link_option_url_new_window=&#8220;on&#8220; global_colors_info=&#8220;{}&#8220; toggle_letter_spacing=&#8220;0px&#8220; toggle_line_height=&#8220;1em&#8220; open=&#8220;off&#8220;]<\/p>\n<p><span data-metadata=\"&lt;!--(figmeta)eyJmaWxlS2V5IjoidFhRRG9IV0lnOXlMZXlOR1A5WVZYdCIsInBhc3RlSUQiOjE0ODQ5OTAzNDEsImRhdGFUeXBlIjoic2NlbmUifQo=(\/figmeta)--&gt;\"><\/span><\/p>\n<p><span data-metadata=\"&lt;!--(figmeta)eyJmaWxlS2V5IjoidFhRRG9IV0lnOXlMZXlOR1A5WVZYdCIsInBhc3RlSUQiOjE0ODQ5OTAzNDEsImRhdGFUeXBlIjoic2NlbmUifQo=(\/figmeta)--&gt;\"><\/span><span>Gewerbeanmeldungen k\u00f6nnen in den zust\u00e4ndigen Stadt- bzw. Samtgemeindeverwaltungen erfolgen.<\/span><\/p>\n<p>&nbsp;<\/p>\n<p>[\/et_pb_accordion_item][et_pb_accordion_item title=&#8220;Welche Unterst\u00fctzung bietet die Landkreis Gifhorn Innovation &#038; Service GmbH Unternehmensgr\u00fcndern?&#8220; open_toggle_background_color=&#8220;#FFFFFF&#8220; closed_toggle_background_color=&#8220;#FFFFFF&#8220; icon_color=&#8220;#265A84&#8243; toggle_icon=&#8220;&#x33;||divi||400&#8243; _builder_version=&#8220;4.27.4&#8243; _module_preset=&#8220;default&#8220; link_option_url_new_window=&#8220;on&#8220; global_colors_info=&#8220;{}&#8220; toggle_letter_spacing=&#8220;0px&#8220; toggle_line_height=&#8220;1em&#8220; open=&#8220;off&#8220;]<\/p>\n<p><span data-metadata=\"&lt;!--(figmeta)eyJmaWxlS2V5IjoidFhRRG9IV0lnOXlMZXlOR1A5WVZYdCIsInBhc3RlSUQiOjE0ODQ5OTAzNDEsImRhdGFUeXBlIjoic2NlbmUifQo=(\/figmeta)--&gt;\"><\/span><\/p>\n<p><span data-metadata=\"&lt;!--(figmeta)eyJmaWxlS2V5IjoidFhRRG9IV0lnOXlMZXlOR1A5WVZYdCIsInBhc3RlSUQiOjE0ODQ5OTAzNDEsImRhdGFUeXBlIjoic2NlbmUifQo=(\/figmeta)--&gt;\"><\/span><span>Von der ersten Idee \u00fcber die Businessplan- Erstellung. Die Landkreis Gifhorn Innovation &amp; Service GmbH begleitet Sie Schritt f\u00fcr Schritt durch den Gr\u00fcndungsprozess und bringt Sie auch mit Partnern im Handlungsfeld zusammen.<\/span><\/p>\n<p>&nbsp;<\/p>\n<p>[\/et_pb_accordion_item][et_pb_accordion_item title=&#8220;Gibt es im Landkreis Gifhorn spezielle F\u00f6rderprogramme speziell f\u00fcr kleine und mittlere Unternehmen?&#8220; open_toggle_background_color=&#8220;#FFFFFF&#8220; closed_toggle_background_color=&#8220;#FFFFFF&#8220; icon_color=&#8220;#265A84&#8243; toggle_icon=&#8220;&#x33;||divi||400&#8243; _builder_version=&#8220;4.27.4&#8243; _module_preset=&#8220;default&#8220; link_option_url_new_window=&#8220;on&#8220; global_colors_info=&#8220;{}&#8220; toggle_letter_spacing=&#8220;0px&#8220; toggle_line_height=&#8220;1em&#8220; open=&#8220;off&#8220;]<\/p>\n<p><span data-metadata=\"&lt;!--(figmeta)eyJmaWxlS2V5IjoidFhRRG9IV0lnOXlMZXlOR1A5WVZYdCIsInBhc3RlSUQiOjE0ODQ5OTAzNDEsImRhdGFUeXBlIjoic2NlbmUifQo=(\/figmeta)--&gt;\"><\/span><\/p>\n<p><span data-metadata=\"&lt;!--(figmeta)eyJmaWxlS2V5IjoidFhRRG9IV0lnOXlMZXlOR1A5WVZYdCIsInBhc3RlSUQiOjE0ODQ5OTAzNDEsImRhdGFUeXBlIjoic2NlbmUifQo=(\/figmeta)--&gt;\"><\/span><span>M\u00f6glichkeiten zur finanziellen Unterst\u00fctzung bietet das F\u00f6rderinstrument des Landkreises f\u00fcr kleine und mittlere Unternehmen (KMU). Ziel der Richtlinie ist die Schaffung und Sicherung neuer Arbeitspl\u00e4tze. Sofern Ihr Vorhaben f\u00f6rderf\u00e4hig ist, k\u00f6nnen Sie einen Investitionszuschuss erhalten.<\/span><\/p>\n<p>&nbsp;<\/p>\n<p>[\/et_pb_accordion_item][et_pb_accordion_item title=&#8220;Kann die Landkreis Gifhorn Innovation &#038; Service GmbH Kontakt zu anderen Unternehmen oder Partnern herstellen?&#8220; open_toggle_background_color=&#8220;#FFFFFF&#8220; closed_toggle_background_color=&#8220;#FFFFFF&#8220; icon_color=&#8220;#265A84&#8243; toggle_icon=&#8220;&#x33;||divi||400&#8243; _builder_version=&#8220;4.27.4&#8243; _module_preset=&#8220;default&#8220; link_option_url_new_window=&#8220;on&#8220; global_colors_info=&#8220;{}&#8220; toggle_letter_spacing=&#8220;0px&#8220; toggle_line_height=&#8220;1em&#8220; open=&#8220;off&#8220;]<\/p>\n<p><span data-metadata=\"&lt;!--(figmeta)eyJmaWxlS2V5IjoidFhRRG9IV0lnOXlMZXlOR1A5WVZYdCIsInBhc3RlSUQiOjE0ODQ5OTAzNDEsImRhdGFUeXBlIjoic2NlbmUifQo=(\/figmeta)--&gt;\"><\/span><\/p>\n<p><span data-metadata=\"&lt;!--(figmeta)eyJmaWxlS2V5IjoidFhRRG9IV0lnOXlMZXlOR1A5WVZYdCIsInBhc3RlSUQiOjE0ODQ5OTAzNDEsImRhdGFUeXBlIjoic2NlbmUifQo=(\/figmeta)--&gt;\"><\/span><span>Die Landkreis Gifhorn Innovation &amp; Service GmbH unterst\u00fctzt Sie bei der Suche nach Kooperationspartnern, damit Sie Ihre Ideen erfolgreich realisieren k\u00f6nnen.<\/span><\/p>\n<p>&nbsp;<\/p>\n<p>[\/et_pb_accordion_item][et_pb_accordion_item title=&#8220;Wo erhalte ich im Landkreis Gifhorn Unterst\u00fctzung bei der Suche nach Fachkr\u00e4ften?&#8220; open_toggle_background_color=&#8220;#FFFFFF&#8220; closed_toggle_background_color=&#8220;#FFFFFF&#8220; icon_color=&#8220;#265A84&#8243; toggle_icon=&#8220;&#x33;||divi||400&#8243; _builder_version=&#8220;4.27.4&#8243; _module_preset=&#8220;default&#8220; link_option_url_new_window=&#8220;on&#8220; global_colors_info=&#8220;{}&#8220; toggle_letter_spacing=&#8220;0px&#8220; toggle_line_height=&#8220;1em&#8220; open=&#8220;off&#8220;]<\/p>\n<p><span data-metadata=\"&lt;!--(figmeta)eyJmaWxlS2V5IjoidFhRRG9IV0lnOXlMZXlOR1A5WVZYdCIsInBhc3RlSUQiOjE0ODQ5OTAzNDEsImRhdGFUeXBlIjoic2NlbmUifQo=(\/figmeta)--&gt;\"><\/span><\/p>\n<p><span data-metadata=\"&lt;!--(figmeta)eyJmaWxlS2V5IjoidFhRRG9IV0lnOXlMZXlOR1A5WVZYdCIsInBhc3RlSUQiOjE0ODQ5OTAzNDEsImRhdGFUeXBlIjoic2NlbmUifQo=(\/figmeta)--&gt;\"><\/span><span>Die Agentur f\u00fcr Arbeit Gifhorn sowie das Jobcenter unterst\u00fctzen Unternehmen bei der Suche nach geeigneten Arbeitskr\u00e4ften und beraten zu Weiterbildungsm\u00f6glichkeiten von Besch\u00e4ftigten.<\/span><\/p>\n<p>&nbsp;<\/p>\n<p>[\/et_pb_accordion_item][et_pb_accordion_item title=&#8220;Wo finde ich im Landkreis Gifhorn Weiterbildungsangebote?&#8220; open_toggle_background_color=&#8220;#FFFFFF&#8220; closed_toggle_background_color=&#8220;#FFFFFF&#8220; icon_color=&#8220;#265A84&#8243; toggle_icon=&#8220;&#x33;||divi||400&#8243; _builder_version=&#8220;4.27.4&#8243; _module_preset=&#8220;default&#8220; link_option_url_new_window=&#8220;on&#8220; global_colors_info=&#8220;{}&#8220; toggle_letter_spacing=&#8220;0px&#8220; toggle_line_height=&#8220;1em&#8220; open=&#8220;off&#8220;]<\/p>\n<p><span data-metadata=\"&lt;!--(figmeta)eyJmaWxlS2V5IjoidFhRRG9IV0lnOXlMZXlOR1A5WVZYdCIsInBhc3RlSUQiOjE0ODQ5OTAzNDEsImRhdGFUeXBlIjoic2NlbmUifQo=(\/figmeta)--&gt;\"><\/span><\/p>\n<p><span data-metadata=\"&lt;!--(figmeta)eyJmaWxlS2V5IjoidFhRRG9IV0lnOXlMZXlOR1A5WVZYdCIsInBhc3RlSUQiOjE0ODQ5OTAzNDEsImRhdGFUeXBlIjoic2NlbmUifQo=(\/figmeta)--&gt;\"><\/span><span>Der Weiterbildungsverbund ko:nect bietet einen guten \u00dcberblick \u00fcber die Weiterbildungsm\u00f6glichkeiten in der Region S\u00fcdOstNiedersachsen. <\/span><\/p>\n<p><a href=\"http:\/\/www.ko-nect.de\/\" title=\"http:\/\/www.ko-nect.de\" data-outlook-id=\"5968c67f-7172-494d-a9df-72c327d8b21c\" target=\"_blank\" rel=\"noopener\">www.ko-nect.de<\/a><\/p>\n<p>&nbsp;<\/p>\n<p>[\/et_pb_accordion_item][et_pb_accordion_item title=&#8220;Wie f\u00f6rdert die Landkreis Gifhorn Innovation &#038; Service GmbH die Zusammenarbeit zwischen Wissenschaft und Wirtschaft?&#8220; open_toggle_background_color=&#8220;#FFFFFF&#8220; closed_toggle_background_color=&#8220;#FFFFFF&#8220; icon_color=&#8220;#265A84&#8243; toggle_icon=&#8220;&#x33;||divi||400&#8243; _builder_version=&#8220;4.27.4&#8243; _module_preset=&#8220;default&#8220; link_option_url_new_window=&#8220;on&#8220; global_colors_info=&#8220;{}&#8220; toggle_letter_spacing=&#8220;0px&#8220; toggle_line_height=&#8220;1em&#8220; open=&#8220;off&#8220;]<\/p>\n<p><span data-metadata=\"&lt;!--(figmeta)eyJmaWxlS2V5IjoidFhRRG9IV0lnOXlMZXlOR1A5WVZYdCIsInBhc3RlSUQiOjE0ODQ5OTAzNDEsImRhdGFUeXBlIjoic2NlbmUifQo=(\/figmeta)--&gt;\"><\/span><\/p>\n<p><span data-metadata=\"&lt;!--(figmeta)eyJmaWxlS2V5IjoidFhRRG9IV0lnOXlMZXlOR1A5WVZYdCIsInBhc3RlSUQiOjE0ODQ5OTAzNDEsImRhdGFUeXBlIjoic2NlbmUifQo=(\/figmeta)--&gt;\"><\/span><span>Neugier und Freude an Zukunftsthemen sind die Voraussetzungen f\u00fcr technische und soziale Innovationen. Wir unterst\u00fctzen gerne bei der Suche nach Kooperationspartner f\u00fcr wissenschaftliche Betrachtungen oder Forschungen.<\/span><\/p>\n<p>&nbsp;<\/p>\n<p>[\/et_pb_accordion_item][et_pb_accordion_item title=&#8220;Wie ist die Verkehrsanbindung f\u00fcr G\u00fcterverkehr in die Region?&#8220; open_toggle_background_color=&#8220;#FFFFFF&#8220; closed_toggle_background_color=&#8220;#FFFFFF&#8220; icon_color=&#8220;#265A84&#8243; toggle_icon=&#8220;&#x33;||divi||400&#8243; _builder_version=&#8220;4.27.4&#8243; _module_preset=&#8220;default&#8220; link_option_url_new_window=&#8220;on&#8220; global_colors_info=&#8220;{}&#8220; toggle_letter_spacing=&#8220;0px&#8220; toggle_line_height=&#8220;1em&#8220; open=&#8220;off&#8220;]<\/p>\n<p><span data-metadata=\"&lt;!--(figmeta)eyJmaWxlS2V5IjoidFhRRG9IV0lnOXlMZXlOR1A5WVZYdCIsInBhc3RlSUQiOjE0ODQ5OTAzNDEsImRhdGFUeXBlIjoic2NlbmUifQo=(\/figmeta)--&gt;\"><\/span><\/p>\n<p><span data-metadata=\"&lt;!--(figmeta)eyJmaWxlS2V5IjoidFhRRG9IV0lnOXlMZXlOR1A5WVZYdCIsInBhc3RlSUQiOjE0ODQ5OTAzNDEsImRhdGFUeXBlIjoic2NlbmUifQo=(\/figmeta)--&gt;\"><\/span><span>Mit einer gut ausgebauten Infrastruktur und direkter Anbindung an wichtige europ\u00e4ische Transportknotenpunkte erm\u00f6glicht der Schieneng\u00fcterverkehr eine schnelle, zuverl\u00e4ssige und nachhaltige Bef\u00f6rderung Ihrer Waren.<\/span><\/p>\n<p>&nbsp;<\/p>\n<p>[\/et_pb_accordion_item][et_pb_accordion_item title=&#8220;Welche Standortvorteile bietet der Landkreis Gifhorn meinem Unternehmen?&#8220; open_toggle_background_color=&#8220;#FFFFFF&#8220; closed_toggle_background_color=&#8220;#FFFFFF&#8220; icon_color=&#8220;#265A84&#8243; toggle_icon=&#8220;&#x33;||divi||400&#8243; _builder_version=&#8220;4.27.4&#8243; _module_preset=&#8220;default&#8220; link_option_url_new_window=&#8220;on&#8220; global_colors_info=&#8220;{}&#8220; toggle_letter_spacing=&#8220;0px&#8220; toggle_line_height=&#8220;1em&#8220; open=&#8220;off&#8220;]<\/p>\n<p><span data-metadata=\"&lt;!--(figmeta)eyJmaWxlS2V5IjoidFhRRG9IV0lnOXlMZXlOR1A5WVZYdCIsInBhc3RlSUQiOjE0ODQ5OTAzNDEsImRhdGFUeXBlIjoic2NlbmUifQo=(\/figmeta)--&gt;\"><\/span><\/p>\n<p><span data-metadata=\"&lt;!--(figmeta)eyJmaWxlS2V5IjoidFhRRG9IV0lnOXlMZXlOR1A5WVZYdCIsInBhc3RlSUQiOjE0ODQ5OTAzNDEsImRhdGFUeXBlIjoic2NlbmUifQo=(\/figmeta)--&gt;\"><\/span><span>Der Landkreis Gifhorn vereint attraktives Wohnen und modernes Arbeiten und schafft dadurch eine hohe Lebensqualit\u00e4t und eine starke Gemeinschaft. Attraktive Fl\u00e4chenpotentiale, eine gut ausgebaute Infrastruktur und hochqualifizierte Fachkr\u00e4fte machen aus dem Landkreis Gifhorn ein Umfeld f\u00fcr Wachstum und Innovation.<\/span><\/p>\n<p>&nbsp;<\/p>\n<p>[\/et_pb_accordion_item][\/et_pb_accordion][\/et_pb_column][\/et_pb_row][\/et_pb_section][et_pb_section fb_built=&#8220;1&#8243; disabled_on=&#8220;off|off|off&#8220; admin_label=&#8220;section&#8220; _builder_version=&#8220;4.27.4&#8243; background_enable_image=&#8220;off&#8220; width=&#8220;100%&#8220; custom_margin=&#8220;0px|0px|40px|0px|false|false&#8220; custom_padding=&#8220;0px|0px|0px|0px|false|false&#8220; saved_tabs=&#8220;all&#8220; global_colors_info=&#8220;{}&#8220;][et_pb_row _builder_version=&#8220;4.27.2&#8243; _module_preset=&#8220;default&#8220; width=&#8220;100%&#8220; global_colors_info=&#8220;{}&#8220;][et_pb_column type=&#8220;4_4&#8243; _builder_version=&#8220;4.27.0&#8243; _module_preset=&#8220;default&#8220; global_colors_info=&#8220;{}&#8220;][et_pb_heading title=&#8220;Newsletter&#8220; _builder_version=&#8220;4.27.4&#8243; _module_preset=&#8220;default&#8220; title_level=&#8220;h3&#8243; custom_margin=&#8220;0px|0px|0px|0px|false|false&#8220; global_colors_info=&#8220;{}&#8220;][\/et_pb_heading][\/et_pb_column][\/et_pb_row][et_pb_row _builder_version=&#8220;4.27.2&#8243; _module_preset=&#8220;default&#8220; custom_margin=&#8220;32px|0px|0px|0px|false|false&#8220; global_colors_info=&#8220;{}&#8220;][et_pb_column type=&#8220;4_4&#8243; _builder_version=&#8220;4.27.2&#8243; _module_preset=&#8220;default&#8220; global_colors_info=&#8220;{}&#8220;][wdcl_image_carousel is_autoplay=&#8220;off&#8220; is_variable_width=&#8220;on&#8220; slide_width=&#8220;300px&#8220; slide_spacing=&#8220;8px&#8220; is_infinite=&#8220;off&#8220; arrow_height=&#8220;50px&#8220; arrow_width=&#8220;50px&#8220; arrow_icon_size=&#8220;40px&#8220; arrow_color=&#8220;#265A84&#8243; arrow_bg=&#8220;#FFFFFF&#8220; arrow_pos_x=&#8220;8px&#8220; arrow_border_width=&#8220;1px&#8220; arrow_border_color=&#8220;#265A84&#8243; icon_left=&#8220;&#x34;||divi||400&#8243; icon_right=&#8220;&#x35;||divi||400&#8243; _builder_version=&#8220;4.27.6&#8243; _module_preset=&#8220;default&#8220; text_orientation=&#8220;left&#8220; width=&#8220;100%&#8220; hover_enabled=&#8220;0&#8243; global_colors_info=&#8220;{}&#8220; sticky_enabled=&#8220;0&#8243;][wdcl_image_carousel_child photo=&#8220;https:\/\/xn--wirtschaftsfrderung-gifhorn-0yc.de\/wp-content\/uploads\/2025\/06\/AdobeStock_333646456-scaled.jpeg&#8220; title=&#8220;Jetzt anmelden&#8220; content_type=&#8220;normal&#8220; content_padding=&#8220;0px|0px|0px|0px|false|false&#8220; image_height=&#8220;25vh&#8220; overlay_bg_color=&#8220;RGBA(255,255,255,0)&#8220; _builder_version=&#8220;4.27.4&#8243; title_level=&#8220;h5&#8243; title_font=&#8220;Mulish Bold||||||||&#8220; text_orientation=&#8220;left&#8220; custom_margin=&#8220;||||false|false&#8220; custom_padding=&#8220;0px|0px|0px|0px|false|false&#8220; link_option_url=&#8220;#newsletter&#8220; border_radii_item=&#8220;on|12px|12px|12px|12px&#8220; border_width_all_item=&#8220;1px&#8220; border_color_all_item=&#8220;#265A84&#8243; global_colors_info=&#8220;{}&#8220;][\/wdcl_image_carousel_child][wdcl_image_carousel_child photo=&#8220;https:\/\/xn--wirtschaftsfrderung-gifhorn-0yc.de\/wp-content\/uploads\/2026\/04\/woke-up-coffee-gemeinschaftsbild.jpg&#8220; title=&#8220;Newsletter | April 2026&#8243; content_type=&#8220;normal&#8220; content_padding=&#8220;0px|0px|0px|0px|false|false&#8220; image_height=&#8220;25vh&#8220; overlay_bg_color=&#8220;RGBA(255,255,255,0)&#8220; _builder_version=&#8220;4.27.6&#8243; title_level=&#8220;h5&#8243; title_font=&#8220;||||||||&#8220; text_orientation=&#8220;left&#8220; custom_margin=&#8220;||||false|false&#8220; custom_padding=&#8220;0px|0px|0px|0px|false|false&#8220; link_option_url=&#8220;https:\/\/eublh.r.sp1-brevo.net\/mk\/mr\/sh\/SMJz09SDriOHTBMpwmwM4lgFQzm4\/Ms68vzT8jt1h&#8220; link_option_url_new_window=&#8220;on&#8220; hover_enabled=&#8220;0&#8243; border_radii_item=&#8220;on|12px|12px|12px|12px&#8220; border_width_all_item=&#8220;1px&#8220; border_color_all_item=&#8220;#265A84&#8243; global_colors_info=&#8220;{}&#8220; sticky_enabled=&#8220;0&#8243; title_text=&#8220;woke up coffee gemeinschaftsbild&#8220;][\/wdcl_image_carousel_child][wdcl_image_carousel_child photo=&#8220;https:\/\/xn--wirtschaftsfrderung-gifhorn-0yc.de\/wp-content\/uploads\/2026\/04\/Gruppenbild_Buehne1-scaled.jpg&#8220; title=&#8220;Newsletter | M\u00e4rz 2026&#8243; content_type=&#8220;normal&#8220; content_padding=&#8220;0px|0px|0px|0px|false|false&#8220; image_height=&#8220;25vh&#8220; overlay_bg_color=&#8220;RGBA(255,255,255,0)&#8220; _builder_version=&#8220;4.27.6&#8243; title_level=&#8220;h5&#8243; title_font=&#8220;||||||||&#8220; text_orientation=&#8220;left&#8220; custom_margin=&#8220;||||false|false&#8220; custom_padding=&#8220;0px|0px|0px|0px|false|false&#8220; link_option_url=&#8220;https:\/\/eublh.r.sp1-brevo.net\/mk\/mr\/sh\/6rqJ8GoudeITQRoBPRiNoESF42a\/nxR54fvW2HZv&#8220; link_option_url_new_window=&#8220;on&#8220; border_radii_item=&#8220;on|12px|12px|12px|12px&#8220; border_width_all_item=&#8220;1px&#8220; border_color_all_item=&#8220;#265A84&#8243; global_colors_info=&#8220;{}&#8220;][\/wdcl_image_carousel_child][wdcl_image_carousel_child photo=&#8220;https:\/\/xn--wirtschaftsfrderung-gifhorn-0yc.de\/wp-content\/uploads\/2026\/02\/HdW_Vertragsunterschrift-scaled.jpg&#8220; title=&#8220;Newsletter | Februar 2026&#8243; content_type=&#8220;normal&#8220; content_padding=&#8220;0px|0px|0px|0px|false|false&#8220; image_height=&#8220;25vh&#8220; overlay_bg_color=&#8220;RGBA(255,255,255,0)&#8220; _builder_version=&#8220;4.27.6&#8243; title_level=&#8220;h5&#8243; title_font=&#8220;||||||||&#8220; text_orientation=&#8220;left&#8220; custom_margin=&#8220;||||false|false&#8220; custom_padding=&#8220;0px|0px|0px|0px|false|false&#8220; link_option_url=&#8220;https:\/\/eublh.r.sp1-brevo.net\/mk\/mr\/sh\/6rqJ8GoudeITQRoBPRiNoESF42a\/-Cl1sxhDV7BY&#8220; link_option_url_new_window=&#8220;on&#8220; border_radii_item=&#8220;on|12px|12px|12px|12px&#8220; border_width_all_item=&#8220;1px&#8220; border_color_all_item=&#8220;#265A84&#8243; global_colors_info=&#8220;{}&#8220;][\/wdcl_image_carousel_child][wdcl_image_carousel_child photo=&#8220;https:\/\/xn--wirtschaftsfrderung-gifhorn-0yc.de\/wp-content\/uploads\/2026\/01\/Hanskensbuetteler-Themengipfel.png&#8220; title=&#8220;Newsletter | Dezember 2025&#8243; content_type=&#8220;normal&#8220; content_padding=&#8220;0px|0px|0px|0px|false|false&#8220; image_height=&#8220;25vh&#8220; overlay_bg_color=&#8220;RGBA(255,255,255,0)&#8220; _builder_version=&#8220;4.27.5&#8243; title_level=&#8220;h5&#8243; title_font=&#8220;||||||||&#8220; text_orientation=&#8220;left&#8220; custom_margin=&#8220;||||false|false&#8220; custom_padding=&#8220;0px|0px|0px|0px|false|false&#8220; link_option_url=&#8220;https:\/\/eublh.r.a.d.sendibm1.com\/mk\/mr\/sh\/6rqJ8GoudeITQRoBPRiNoESF42a\/qfeq-vWneX9x&#8220; link_option_url_new_window=&#8220;on&#8220; border_radii_item=&#8220;on|12px|12px|12px|12px&#8220; border_width_all_item=&#8220;1px&#8220; border_color_all_item=&#8220;#265A84&#8243; global_colors_info=&#8220;{}&#8220;][\/wdcl_image_carousel_child][\/wdcl_image_carousel][et_pb_text _builder_version=&#8220;4.27.4&#8243; _module_preset=&#8220;default&#8220; text_font_size=&#8220;10px&#8220; global_colors_info=&#8220;{}&#8220;]<\/p>\n<p>*Bildnachweise Fokusthemen: Adobe, Hammerstein Park Wesendorf<\/p>\n<p>[\/et_pb_text][et_pb_text _builder_version=&#8220;4.27.4&#8243; _module_preset=&#8220;default&#8220; text_font_size=&#8220;8px&#8220; global_colors_info=&#8220;{}&#8220;]<\/p>\n<p>*Bildnachweise siehe unten.<\/p>\n<p>[\/et_pb_text][\/et_pb_column][\/et_pb_row][\/et_pb_section][et_pb_section fb_built=&#8220;1&#8243; _builder_version=&#8220;4.27.3&#8243; _module_preset=&#8220;default&#8220; background_color=&#8220;#265A84&#8243; custom_margin=&#8220;40px|0px||0px|false|false&#8220; custom_padding=&#8220;30px|32px|30px|32px|false|false&#8220; border_radii=&#8220;on|12px|12px|12px|12px&#8220; global_colors_info=&#8220;{}&#8220;][et_pb_row _builder_version=&#8220;4.27.2&#8243; _module_preset=&#8220;default&#8220; global_colors_info=&#8220;{}&#8220;][et_pb_column type=&#8220;4_4&#8243; _builder_version=&#8220;4.27.2&#8243; _module_preset=&#8220;default&#8220; global_colors_info=&#8220;{}&#8220;][et_pb_heading title=&#8220;N\u00e4chste Seite:&#8220; _builder_version=&#8220;4.27.2&#8243; _module_preset=&#8220;default&#8220; title_level=&#8220;h5&#8243; title_text_color=&#8220;#FFFFFF&#8220; global_colors_info=&#8220;{}&#8220;][\/et_pb_heading][et_pb_button button_url=&#8220;@ET-DC@eyJkeW5hbWljIjp0cnVlLCJjb250ZW50IjoicG9zdF9saW5rX3VybF9wYWdlIiwic2V0dGluZ3MiOnsicG9zdF9pZCI6IjIwMCIsImVuYWJsZV9odG1sIjoib2ZmIn19@&#8220; button_text=&#8220;Wirtschaftsstruktur&#8220; _builder_version=&#8220;4.27.4&#8243; _dynamic_attributes=&#8220;button_url&#8220; _module_preset=&#8220;default&#8220; button_text_size=&#8220;32px&#8220; button_use_icon=&#8220;on&#8220; button_icon=&#8220;&#x24;||divi||400&#8243; button_text_size_tablet=&#8220;20px&#8220; button_text_size_phone=&#8220;20px&#8220; button_text_size_last_edited=&#8220;on|desktop&#8220; custom_css_main_element=&#8220;font-size: 32px !important;&#8220; global_colors_info=&#8220;{}&#8220; button_text_size__hover=&#8220;32px&#8220;][\/et_pb_button][\/et_pb_column][\/et_pb_row][\/et_pb_section]<\/p>\n","protected":false},"excerpt":{"rendered":"<p>Start &#8211; Die Wirtschaftsf\u00f6rderung des Landkreis Gifhorn ist Ihr Partner f\u00fcr wirtschaftlichen Erfolg.<\/p>","protected":false},"author":1,"featured_media":32,"parent":0,"menu_order":0,"comment_status":"closed","ping_status":"closed","template":"","meta":{"_et_pb_use_builder":"on","_et_pb_old_content":"","_et_gb_content_width":"","inline_featured_image":false,"footnotes":""},"class_list":["post-851","page","type-page","status-publish","has-post-thumbnail","hentry"],"_links":{"self":[{"href":"https:\/\/xn--wirtschaftsfrderung-gifhorn-0yc.de\/en\/wp-json\/wp\/v2\/pages\/851","targetHints":{"allow":["GET"]}}],"collection":[{"href":"https:\/\/xn--wirtschaftsfrderung-gifhorn-0yc.de\/en\/wp-json\/wp\/v2\/pages"}],"about":[{"href":"https:\/\/xn--wirtschaftsfrderung-gifhorn-0yc.de\/en\/wp-json\/wp\/v2\/types\/page"}],"author":[{"embeddable":true,"href":"https:\/\/xn--wirtschaftsfrderung-gifhorn-0yc.de\/en\/wp-json\/wp\/v2\/users\/1"}],"replies":[{"embeddable":true,"href":"https:\/\/xn--wirtschaftsfrderung-gifhorn-0yc.de\/en\/wp-json\/wp\/v2\/comments?post=851"}],"version-history":[{"count":492,"href":"https:\/\/xn--wirtschaftsfrderung-gifhorn-0yc.de\/en\/wp-json\/wp\/v2\/pages\/851\/revisions"}],"predecessor-version":[{"id":6067,"href":"https:\/\/xn--wirtschaftsfrderung-gifhorn-0yc.de\/en\/wp-json\/wp\/v2\/pages\/851\/revisions\/6067"}],"wp:featuredmedia":[{"embeddable":true,"href":"https:\/\/xn--wirtschaftsfrderung-gifhorn-0yc.de\/en\/wp-json\/wp\/v2\/media\/32"}],"wp:attachment":[{"href":"https:\/\/xn--wirtschaftsfrderung-gifhorn-0yc.de\/en\/wp-json\/wp\/v2\/media?parent=851"}],"curies":[{"name":"wp","href":"https:\/\/api.w.org\/{rel}","templated":true}]}}